{"id":15561,"date":"2024-03-19T09:34:10","date_gmt":"2024-03-19T09:34:10","guid":{"rendered":"https:\/\/www.trypmontijo.com\/politica-ambiental\/"},"modified":"2025-01-08T14:55:04","modified_gmt":"2025-01-08T14:55:04","slug":"politica-ambiental","status":"publish","type":"page","link":"https:\/\/www.trypmontijo.com\/es\/politica-ambiental\/","title":{"rendered":"Pol\u00edtica Ambiental"},"content":{"rendered":"\t\t<div data-elementor-type=\"wp-page\" data-elementor-id=\"15561\" class=\"elementor elementor-15561 elementor-13895\" data-elementor-post-type=\"page\">\n\t\t\t\t<section class=\"elementor-element elementor-element-9d18320 e-con-full e-flex e-con e-parent\" data-id=\"9d18320\" data-element_type=\"container\" data-settings=\"{&quot;background_background&quot;:&quot;classic&quot;}\">\n\t\t<div class=\"elementor-element elementor-element-edc3c07 e-con-full e-flex e-con e-child\" data-id=\"edc3c07\" data-element_type=\"container\">\n\t\t\t\t<div class=\"elementor-element elementor-element-0517a6e elementor-widget elementor-widget-heading\" data-id=\"0517a6e\" data-element_type=\"widget\" data-widget_type=\"heading.default\">\n\t\t\t\t<div class=\"elementor-widget-container\">\n\t\t\t\t\t<h1 class=\"elementor-heading-title elementor-size-default\">Pol\u00edtica<\/h1>\t\t\t\t<\/div>\n\t\t\t\t<\/div>\n\t\t\t\t<div class=\"elementor-element elementor-element-14f695f elementor-widget elementor-widget-heading\" data-id=\"14f695f\" data-element_type=\"widget\" data-widget_type=\"heading.default\">\n\t\t\t\t<div class=\"elementor-widget-container\">\n\t\t\t\t\t<h2 class=\"elementor-heading-title elementor-size-default\">Ambiental<\/h2>\t\t\t\t<\/div>\n\t\t\t\t<\/div>\n\t\t\t\t<\/div>\n\t\t\t\t<\/section>\n\t\t<section class=\"elementor-element elementor-element-8e7a29a e-con-full e-flex e-con e-parent\" data-id=\"8e7a29a\" data-element_type=\"container\">\n\t\t\t\t<div class=\"elementor-element elementor-element-5428f0b elementor-widget elementor-widget-text-editor\" data-id=\"5428f0b\" data-element_type=\"widget\" data-widget_type=\"text-editor.default\">\n\t\t\t\t<div class=\"elementor-widget-container\">\n\t\t\t\t\t\t\t\t\t<p>El hotel <strong>Tryp Montijo<\/strong> es consciente de la importancia de una gesti\u00f3n responsable y sostenible en el desarrollo de la actividad hotelera. Bajo estas directrices, nos comprometemos a desarrollar y adoptar buenas pr\u00e1cticas encaminadas a minimizar el impacto ambiental de nuestros servicios, preservar los recursos naturales, la eficiencia energ\u00e9tica y construir un futuro sostenible en el sector tur\u00edstico. Para ello, <strong>Tryp Montijo<\/strong> establece esta pol\u00edtica en los siguientes t\u00e9rminos:<\/p>\t\t\t\t\t\t\t\t<\/div>\n\t\t\t\t<\/div>\n\t\t\t\t<\/section>\n\t\t<section class=\"elementor-element elementor-element-3607556 e-con-full e-flex e-con e-parent\" data-id=\"3607556\" data-element_type=\"container\">\n\t\t<div class=\"elementor-element elementor-element-942566a e-con-full e-flex e-con e-child\" data-id=\"942566a\" data-element_type=\"container\" data-settings=\"{&quot;background_background&quot;:&quot;classic&quot;}\">\n\t\t\t\t<div class=\"elementor-element elementor-element-c63606c elementor-widget elementor-widget-spacer\" data-id=\"c63606c\" data-element_type=\"widget\" data-widget_type=\"spacer.default\">\n\t\t\t\t<div class=\"elementor-widget-container\">\n\t\t\t\t\t\t\t<div class=\"elementor-spacer\">\n\t\t\t<div class=\"elementor-spacer-inner\"><\/div>\n\t\t<\/div>\n\t\t\t\t\t\t<\/div>\n\t\t\t\t<\/div>\n\t\t\t\t<\/div>\n\t\t<div class=\"elementor-element elementor-element-8bd541b e-con-full e-flex e-con e-child\" data-id=\"8bd541b\" data-element_type=\"container\">\n\t\t<div class=\"elementor-element elementor-element-f26fcf7 e-con-full e-flex e-con e-child\" data-id=\"f26fcf7\" data-element_type=\"container\">\n\t\t\t\t<div class=\"elementor-element elementor-element-2d3fe6a elementor-widget elementor-widget-text-editor\" data-id=\"2d3fe6a\" data-element_type=\"widget\" data-widget_type=\"text-editor.default\">\n\t\t\t\t<div class=\"elementor-widget-container\">\n\t\t\t\t\t\t\t\t\t<div class=\"ewa-rteLine\">Cumplir los requisitos legales y ambientales aplicables a su actividad, evaluando peri\u00f3dicamente sus impactos<\/div><div class=\"ewa-rteLine\">\u00a0<\/div><div class=\"ewa-rteLine\">Promover la sensibilizaci\u00f3n y formaci\u00f3n ambiental entre los empleados para implicarles y formarles en buenas pr\u00e1cticas ambientales<\/div><div class=\"ewa-rteLine\">\u00a0<\/div><div class=\"ewa-rteLine\">Cooperar y promover la comunicaci\u00f3n con organismos y asociaciones gubernamentales y externas<\/div>\t\t\t\t\t\t\t\t<\/div>\n\t\t\t\t<\/div>\n\t\t\t\t<\/div>\n\t\t\t\t<\/div>\n\t\t\t\t<\/section>\n\t\t<section class=\"elementor-element elementor-element-6df80a9 e-con-full e-flex e-con e-parent\" data-id=\"6df80a9\" data-element_type=\"container\">\n\t\t<div class=\"elementor-element elementor-element-f0bfc32 e-con-full e-flex e-con e-child\" data-id=\"f0bfc32\" data-element_type=\"container\">\n\t\t<div class=\"elementor-element elementor-element-5dd1f38 e-con-full e-flex e-con e-child\" data-id=\"5dd1f38\" data-element_type=\"container\">\n\t\t\t\t<div class=\"elementor-element elementor-element-c78348d elementor-widget__width-initial elementor-widget elementor-widget-text-editor\" data-id=\"c78348d\" data-element_type=\"widget\" data-widget_type=\"text-editor.default\">\n\t\t\t\t<div class=\"elementor-widget-container\">\n\t\t\t\t\t\t\t\t\t<div class=\"ewa-rteLine\"><div class=\"ewa-rteLine\">Fomentar la implicaci\u00f3n de los proveedores en cuestiones de buenas pr\u00e1cticas medioambientales con vistas a mejorar el rendimiento en este \u00e1mbito y el de toda la operaci\u00f3n implicada<\/div><div class=\"ewa-rteLine\">\u00a0<\/div><div class=\"ewa-rteLine\">Reducir y controlar el consumo de energ\u00eda y materias primas<\/div><div class=\"ewa-rteLine\">\u00a0<\/div><div class=\"ewa-rteLine\">Adoptar una actitud de mejora continua en la prevenci\u00f3n de la contaminaci\u00f3n<\/div><div class=\"ewa-rteLine\">\u00a0<\/div><div class=\"ewa-rteLine\">Consolidar la conquista de clientes dispuestos a aprovechar los servicios ofrecidos por la empresa, con un alto nivel de calidad<\/div><\/div>\t\t\t\t\t\t\t\t<\/div>\n\t\t\t\t<\/div>\n\t\t\t\t<\/div>\n\t\t\t\t<\/div>\n\t\t<div class=\"elementor-element elementor-element-8025963 e-con-full e-flex e-con e-child\" data-id=\"8025963\" data-element_type=\"container\" data-settings=\"{&quot;background_background&quot;:&quot;classic&quot;}\">\n\t\t\t\t<div class=\"elementor-element elementor-element-b7b245e elementor-widget elementor-widget-spacer\" data-id=\"b7b245e\" data-element_type=\"widget\" data-widget_type=\"spacer.default\">\n\t\t\t\t<div class=\"elementor-widget-container\">\n\t\t\t\t\t\t\t<div class=\"elementor-spacer\">\n\t\t\t<div class=\"elementor-spacer-inner\"><\/div>\n\t\t<\/div>\n\t\t\t\t\t\t<\/div>\n\t\t\t\t<\/div>\n\t\t\t\t<\/div>\n\t\t\t\t<\/section>\n\t\t<section class=\"elementor-element elementor-element-17866df e-con-full e-flex e-con e-parent\" data-id=\"17866df\" data-element_type=\"container\">\n\t\t\t\t<div class=\"elementor-element elementor-element-e2d027e elementor-widget elementor-widget-text-editor\" data-id=\"e2d027e\" data-element_type=\"widget\" data-widget_type=\"text-editor.default\">\n\t\t\t\t<div class=\"elementor-widget-container\">\n\t\t\t\t\t\t\t\t\t<div class=\"ewa-rteLine\">Teniendo en cuenta estos principios, adem\u00e1s de proporcionar los recursos necesarios y adecuados, incluyendo la apuesta por recursos humanos especializados, con formaci\u00f3n peri\u00f3dica y equipos tecnol\u00f3gicamente avanzados, el Tryp Montijo Parque always seeks to fully satisfy the needs and expectations of its customers.<\/div><div class=\"ewa-rteLine\">busca siempre satisfacer plenamente las necesidades y expectativas de sus clientes.<\/div>\t\t\t\t\t\t\t\t<\/div>\n\t\t\t\t<\/div>\n\t\t\t\t<\/section>\n\t\t\t\t<\/div>\n\t\t","protected":false},"excerpt":{"rendered":"<p>Pol\u00edtica Ambiental El hotel Tryp Montijo es consciente de la importancia de una gesti\u00f3n responsable y sostenible en el desarrollo de la actividad hotelera. Bajo estas directrices, nos comprometemos a desarrollar y adoptar buenas pr\u00e1cticas encaminadas a minimizar el impacto ambiental de nuestros servicios, preservar los recursos naturales, la eficiencia energ\u00e9tica y construir un futuro [&hellip;]<\/p>\n","protected":false},"author":1,"featured_media":0,"parent":0,"menu_order":0,"comment_status":"closed","ping_status":"closed","template":"","meta":{"_acf_changed":false,"footnotes":""},"class_list":["post-15561","page","type-page","status-publish","hentry"],"acf":[],"yoast_head":"<!-- This site is optimized with the Yoast SEO plugin v24.5 - https:\/\/yoast.com\/wordpress\/plugins\/seo\/ -->\n<title>Pol\u00edtica Ambiental - TRYP Montijo<\/title>\n<meta name=\"description\" content=\"Hotel Tryp Montijo Parque: 4 estrellas, 84 c\u00f3modas habitaciones, restaurante, bar, parking y 4 salas de reuniones para 250 personas en el centro de Montijo.\" \/>\n<meta name=\"robots\" content=\"index, follow, max-snippet:-1, max-image-preview:large, max-video-preview:-1\" \/>\n<link rel=\"canonical\" href=\"https:\/\/www.trypmontijo.com\/es\/politica-ambiental\/\" \/>\n<meta property=\"og:locale\" content=\"es_ES\" \/>\n<meta property=\"og:type\" content=\"article\" \/>\n<meta property=\"og:title\" content=\"Pol\u00edtica Ambiental - TRYP Montijo\" \/>\n<meta property=\"og:description\" content=\"Hotel Tryp Montijo Parque: 4 estrellas, 84 c\u00f3modas habitaciones, restaurante, bar, parking y 4 salas de reuniones para 250 personas en el centro de Montijo.\" \/>\n<meta property=\"og:url\" content=\"https:\/\/www.trypmontijo.com\/es\/politica-ambiental\/\" \/>\n<meta property=\"og:site_name\" content=\"TRYP Montijo\" \/>\n<meta property=\"article:publisher\" content=\"https:\/\/www.facebook.com\/TRYPMontijoParque\/\" \/>\n<meta property=\"article:modified_time\" content=\"2025-01-08T14:55:04+00:00\" \/>\n<meta property=\"og:image\" content=\"https:\/\/www.trypmontijo.com\/wp-content\/uploads\/sites\/2\/2024\/03\/TRYP_Montijo_Parque_Open-Graph.jpg\" \/>\n\t<meta property=\"og:image:width\" content=\"1200\" \/>\n\t<meta property=\"og:image:height\" content=\"630\" \/>\n\t<meta property=\"og:image:type\" content=\"image\/jpeg\" \/>\n<meta name=\"twitter:card\" content=\"summary_large_image\" \/>\n<meta name=\"twitter:label1\" content=\"Tiempo de lectura\" \/>\n\t<meta name=\"twitter:data1\" content=\"2 minutos\" \/>\n<script type=\"application\/ld+json\" class=\"yoast-schema-graph\">{\"@context\":\"https:\/\/schema.org\",\"@graph\":[{\"@type\":\"WebPage\",\"@id\":\"https:\/\/www.trypmontijo.com\/es\/politica-ambiental\/\",\"url\":\"https:\/\/www.trypmontijo.com\/es\/politica-ambiental\/\",\"name\":\"Pol\u00edtica Ambiental - TRYP Montijo\",\"isPartOf\":{\"@id\":\"https:\/\/www.trypmontijo.com\/es\/#website\"},\"datePublished\":\"2024-03-19T09:34:10+00:00\",\"dateModified\":\"2025-01-08T14:55:04+00:00\",\"description\":\"Hotel Tryp Montijo Parque: 4 estrellas, 84 c\u00f3modas habitaciones, restaurante, bar, parking y 4 salas de reuniones para 250 personas en el centro de Montijo.\",\"breadcrumb\":{\"@id\":\"https:\/\/www.trypmontijo.com\/es\/politica-ambiental\/#breadcrumb\"},\"inLanguage\":\"es\",\"potentialAction\":[{\"@type\":\"ReadAction\",\"target\":[\"https:\/\/www.trypmontijo.com\/es\/politica-ambiental\/\"]}]},{\"@type\":\"BreadcrumbList\",\"@id\":\"https:\/\/www.trypmontijo.com\/es\/politica-ambiental\/#breadcrumb\",\"itemListElement\":[{\"@type\":\"ListItem\",\"position\":1,\"name\":\"In\u00edcio\",\"item\":\"https:\/\/www.trypmontijo.com\/es\/\"},{\"@type\":\"ListItem\",\"position\":2,\"name\":\"Pol\u00edtica Ambiental\"}]},{\"@type\":\"WebSite\",\"@id\":\"https:\/\/www.trypmontijo.com\/es\/#website\",\"url\":\"https:\/\/www.trypmontijo.com\/es\/\",\"name\":\"TRYP Montijo\",\"description\":\"O TRYP Montijo Parque, de 4 estrelas, localizado no cora\u00e7\u00e3o da encantadora cidade do Montijo\",\"publisher\":{\"@id\":\"https:\/\/www.trypmontijo.com\/es\/#organization\"},\"alternateName\":\"TRYP Montijo Parque\",\"potentialAction\":[{\"@type\":\"SearchAction\",\"target\":{\"@type\":\"EntryPoint\",\"urlTemplate\":\"https:\/\/www.trypmontijo.com\/es\/?s={search_term_string}\"},\"query-input\":{\"@type\":\"PropertyValueSpecification\",\"valueRequired\":true,\"valueName\":\"search_term_string\"}}],\"inLanguage\":\"es\"},{\"@type\":\"Organization\",\"@id\":\"https:\/\/www.trypmontijo.com\/es\/#organization\",\"name\":\"TRYP Montijo\",\"alternateName\":\"TRYP Montijo\",\"url\":\"https:\/\/www.trypmontijo.com\/es\/\",\"logo\":{\"@type\":\"ImageObject\",\"inLanguage\":\"es\",\"@id\":\"https:\/\/www.trypmontijo.com\/es\/#\/schema\/logo\/image\/\",\"url\":\"https:\/\/www.trypmontijo.com\/wp-content\/uploads\/sites\/2\/2024\/03\/TrypMontijoParqueHotel_Logo-1.svg\",\"contentUrl\":\"https:\/\/www.trypmontijo.com\/wp-content\/uploads\/sites\/2\/2024\/03\/TrypMontijoParqueHotel_Logo-1.svg\",\"width\":192,\"height\":90,\"caption\":\"TRYP Montijo\"},\"image\":{\"@id\":\"https:\/\/www.trypmontijo.com\/es\/#\/schema\/logo\/image\/\"},\"sameAs\":[\"https:\/\/www.facebook.com\/TRYPMontijoParque\/\",\"https:\/\/www.linkedin.com\/company\/hoti-hoteis\/\",\"https:\/\/www.tripadvisor.pt\/UserReviewEdit-g658385-d260184-TRYP_by_Wyndham_Montijo_Parque_Hotel-Montijo_Setubal_District_Alentejo.html\",\"https:\/\/www.instagram.com\/trypmontijo\/\",\"https:\/\/www.youtube.com\/channel\/UCP0ugsnZVvziVrrstHe2gqg\"]}]}<\/script>\n<!-- \/ Yoast SEO plugin. -->","yoast_head_json":{"title":"Pol\u00edtica Ambiental - TRYP Montijo","description":"Hotel Tryp Montijo Parque: 4 estrellas, 84 c\u00f3modas habitaciones, restaurante, bar, parking y 4 salas de reuniones para 250 personas en el centro de Montijo.","robots":{"index":"index","follow":"follow","max-snippet":"max-snippet:-1","max-image-preview":"max-image-preview:large","max-video-preview":"max-video-preview:-1"},"canonical":"https:\/\/www.trypmontijo.com\/es\/politica-ambiental\/","og_locale":"es_ES","og_type":"article","og_title":"Pol\u00edtica Ambiental - TRYP Montijo","og_description":"Hotel Tryp Montijo Parque: 4 estrellas, 84 c\u00f3modas habitaciones, restaurante, bar, parking y 4 salas de reuniones para 250 personas en el centro de Montijo.","og_url":"https:\/\/www.trypmontijo.com\/es\/politica-ambiental\/","og_site_name":"TRYP Montijo","article_publisher":"https:\/\/www.facebook.com\/TRYPMontijoParque\/","article_modified_time":"2025-01-08T14:55:04+00:00","og_image":[{"width":1200,"height":630,"url":"https:\/\/www.trypmontijo.com\/wp-content\/uploads\/sites\/2\/2024\/03\/TRYP_Montijo_Parque_Open-Graph.jpg","type":"image\/jpeg"}],"twitter_card":"summary_large_image","twitter_misc":{"Tiempo de lectura":"2 minutos"},"schema":{"@context":"https:\/\/schema.org","@graph":[{"@type":"WebPage","@id":"https:\/\/www.trypmontijo.com\/es\/politica-ambiental\/","url":"https:\/\/www.trypmontijo.com\/es\/politica-ambiental\/","name":"Pol\u00edtica Ambiental - TRYP Montijo","isPartOf":{"@id":"https:\/\/www.trypmontijo.com\/es\/#website"},"datePublished":"2024-03-19T09:34:10+00:00","dateModified":"2025-01-08T14:55:04+00:00","description":"Hotel Tryp Montijo Parque: 4 estrellas, 84 c\u00f3modas habitaciones, restaurante, bar, parking y 4 salas de reuniones para 250 personas en el centro de Montijo.","breadcrumb":{"@id":"https:\/\/www.trypmontijo.com\/es\/politica-ambiental\/#breadcrumb"},"inLanguage":"es","potentialAction":[{"@type":"ReadAction","target":["https:\/\/www.trypmontijo.com\/es\/politica-ambiental\/"]}]},{"@type":"BreadcrumbList","@id":"https:\/\/www.trypmontijo.com\/es\/politica-ambiental\/#breadcrumb","itemListElement":[{"@type":"ListItem","position":1,"name":"In\u00edcio","item":"https:\/\/www.trypmontijo.com\/es\/"},{"@type":"ListItem","position":2,"name":"Pol\u00edtica Ambiental"}]},{"@type":"WebSite","@id":"https:\/\/www.trypmontijo.com\/es\/#website","url":"https:\/\/www.trypmontijo.com\/es\/","name":"TRYP Montijo","description":"O TRYP Montijo Parque, de 4 estrelas, localizado no cora\u00e7\u00e3o da encantadora cidade do Montijo","publisher":{"@id":"https:\/\/www.trypmontijo.com\/es\/#organization"},"alternateName":"TRYP Montijo Parque","potentialAction":[{"@type":"SearchAction","target":{"@type":"EntryPoint","urlTemplate":"https:\/\/www.trypmontijo.com\/es\/?s={search_term_string}"},"query-input":{"@type":"PropertyValueSpecification","valueRequired":true,"valueName":"search_term_string"}}],"inLanguage":"es"},{"@type":"Organization","@id":"https:\/\/www.trypmontijo.com\/es\/#organization","name":"TRYP Montijo","alternateName":"TRYP Montijo","url":"https:\/\/www.trypmontijo.com\/es\/","logo":{"@type":"ImageObject","inLanguage":"es","@id":"https:\/\/www.trypmontijo.com\/es\/#\/schema\/logo\/image\/","url":"https:\/\/www.trypmontijo.com\/wp-content\/uploads\/sites\/2\/2024\/03\/TrypMontijoParqueHotel_Logo-1.svg","contentUrl":"https:\/\/www.trypmontijo.com\/wp-content\/uploads\/sites\/2\/2024\/03\/TrypMontijoParqueHotel_Logo-1.svg","width":192,"height":90,"caption":"TRYP Montijo"},"image":{"@id":"https:\/\/www.trypmontijo.com\/es\/#\/schema\/logo\/image\/"},"sameAs":["https:\/\/www.facebook.com\/TRYPMontijoParque\/","https:\/\/www.linkedin.com\/company\/hoti-hoteis\/","https:\/\/www.tripadvisor.pt\/UserReviewEdit-g658385-d260184-TRYP_by_Wyndham_Montijo_Parque_Hotel-Montijo_Setubal_District_Alentejo.html","https:\/\/www.instagram.com\/trypmontijo\/","https:\/\/www.youtube.com\/channel\/UCP0ugsnZVvziVrrstHe2gqg"]}]}},"_links":{"self":[{"href":"https:\/\/www.trypmontijo.com\/es\/wp-json\/wp\/v2\/pages\/15561","targetHints":{"allow":["GET"]}}],"collection":[{"href":"https:\/\/www.trypmontijo.com\/es\/wp-json\/wp\/v2\/pages"}],"about":[{"href":"https:\/\/www.trypmontijo.com\/es\/wp-json\/wp\/v2\/types\/page"}],"author":[{"embeddable":true,"href":"https:\/\/www.trypmontijo.com\/es\/wp-json\/wp\/v2\/users\/1"}],"replies":[{"embeddable":true,"href":"https:\/\/www.trypmontijo.com\/es\/wp-json\/wp\/v2\/comments?post=15561"}],"version-history":[{"count":10,"href":"https:\/\/www.trypmontijo.com\/es\/wp-json\/wp\/v2\/pages\/15561\/revisions"}],"predecessor-version":[{"id":18078,"href":"https:\/\/www.trypmontijo.com\/es\/wp-json\/wp\/v2\/pages\/15561\/revisions\/18078"}],"wp:attachment":[{"href":"https:\/\/www.trypmontijo.com\/es\/wp-json\/wp\/v2\/media?parent=15561"}],"curies":[{"name":"wp","href":"https:\/\/api.w.org\/{rel}","templated":true}]}}