{"id":15560,"date":"2024-03-19T09:34:10","date_gmt":"2024-03-19T09:34:10","guid":{"rendered":"https:\/\/www.trypmontijo.com\/politica-ambiental\/"},"modified":"2026-08-24T10:39:32","modified_gmt":"2026-08-24T09:39:32","slug":"umweltpolitik","status":"publish","type":"page","link":"https:\/\/www.trypmontijo.com\/de\/umweltpolitik\/","title":{"rendered":"Umweltpolitik"},"content":{"rendered":"\t\t<div data-elementor-type=\"wp-page\" data-elementor-id=\"15560\" class=\"elementor elementor-15560 elementor-13895\" data-elementor-post-type=\"page\">\n\t\t\t\t<section class=\"elementor-element elementor-element-9d18320 e-con-full e-flex e-con e-parent\" data-id=\"9d18320\" data-element_type=\"container\" data-settings=\"{&quot;background_background&quot;:&quot;classic&quot;}\">\n\t\t<div class=\"elementor-element elementor-element-edc3c07 e-con-full e-flex e-con e-child\" data-id=\"edc3c07\" data-element_type=\"container\">\n\t\t\t\t<div class=\"elementor-element elementor-element-14f695f elementor-widget elementor-widget-heading\" data-id=\"14f695f\" data-element_type=\"widget\" data-widget_type=\"heading.default\">\n\t\t\t\t<div class=\"elementor-widget-container\">\n\t\t\t\t\t<h1 class=\"elementor-heading-title elementor-size-default\">UMWELTPOLITIK<\/h1>\t\t\t\t<\/div>\n\t\t\t\t<\/div>\n\t\t\t\t<\/div>\n\t\t\t\t<\/section>\n\t\t<section class=\"elementor-element elementor-element-8e7a29a e-con-full e-flex e-con e-parent\" data-id=\"8e7a29a\" data-element_type=\"container\">\n\t\t\t\t<div class=\"elementor-element elementor-element-5428f0b elementor-widget elementor-widget-text-editor\" data-id=\"5428f0b\" data-element_type=\"widget\" data-widget_type=\"text-editor.default\">\n\t\t\t\t<div class=\"elementor-widget-container\">\n\t\t\t\t\t\t\t\t\t<p>Das <strong>Tryp Montijo Hotel<\/strong> ist sich der Bedeutung eines verantwortungsvollen und nachhaltigen Managements bei der Entwicklung der Hotelt\u00e4tigkeit bewusst. Im Rahmen dieser Leitlinien verpflichten wir uns, gute Praktiken zu entwickeln und anzuwenden, die darauf abzielen, die Auswirkungen unserer Dienstleistungen auf die Umwelt zu minimieren, die nat\u00fcrlichen Ressourcen zu erhalten, die Energieeffizienz zu verbessern und eine nachhaltige Zukunft im Tourismussektor aufzubauen. Zu diesem Zweck legt <strong>Tryp Montijo<\/strong> diese Politik in den folgenden Punkten fest:<\/p>\t\t\t\t\t\t\t\t<\/div>\n\t\t\t\t<\/div>\n\t\t\t\t<\/section>\n\t\t<section class=\"elementor-element elementor-element-89b39f6 e-con-full e-flex e-con e-parent\" data-id=\"89b39f6\" data-element_type=\"container\">\n\t\t<div class=\"elementor-element elementor-element-513e9d6 e-con-full e-flex e-con e-child\" data-id=\"513e9d6\" data-element_type=\"container\" data-settings=\"{&quot;background_background&quot;:&quot;classic&quot;}\">\n\t\t\t\t<div class=\"elementor-element elementor-element-f7ecd25 elementor-widget elementor-widget-spacer\" data-id=\"f7ecd25\" data-element_type=\"widget\" data-widget_type=\"spacer.default\">\n\t\t\t\t<div class=\"elementor-widget-container\">\n\t\t\t\t\t\t\t<div class=\"elementor-spacer\">\n\t\t\t<div class=\"elementor-spacer-inner\"><\/div>\n\t\t<\/div>\n\t\t\t\t\t\t<\/div>\n\t\t\t\t<\/div>\n\t\t\t\t<\/div>\n\t\t<div class=\"elementor-element elementor-element-edf5669 e-con-full e-flex e-con e-child\" data-id=\"edf5669\" data-element_type=\"container\">\n\t\t<div class=\"elementor-element elementor-element-1503ac1 e-con-full e-flex e-con e-child\" data-id=\"1503ac1\" data-element_type=\"container\">\n\t\t\t\t<div class=\"elementor-element elementor-element-15cee09 elementor-widget elementor-widget-text-editor\" data-id=\"15cee09\" data-element_type=\"widget\" data-widget_type=\"text-editor.default\">\n\t\t\t\t<div class=\"elementor-widget-container\">\n\t\t\t\t\t\t\t\t\t<ul><li class=\"ewa-rteLine\">Die f\u00fcr ihre T\u00e4tigkeit geltenden Rechts- und Umweltvorschriften einzuhalten und ihre Auswirkungen regelm\u00e4\u00dfig zu bewerten<\/li><li class=\"ewa-rteLine\">F\u00f6rderung des Umweltbewusstseins und der Ausbildung der Mitarbeiter, um sie einzubeziehen und sie in guten Umweltpraktiken zu schulen<\/li><li class=\"ewa-rteLine\">Zusammenarbeit und F\u00f6rderung der Kommunikation mit staatlichen und externen Stellen und Verb\u00e4nden<\/li><li class=\"ewa-rteLine\">F\u00f6rderung der Einbeziehung von Lieferanten in Fragen der guten Umweltpraxis mit dem Ziel, die Leistung in diesem Bereich und die des gesamten Betriebs zu verbessern<\/li><li class=\"ewa-rteLine\">Senkung und Kontrolle des Energie- und Rohstoffverbrauchs<\/li><li class=\"ewa-rteLine\">eine Haltung der kontinuierlichen Verbesserung bei der Vermeidung von Umweltverschmutzung einnehmen<\/li><li class=\"ewa-rteLine\">Konsolidierung der Eroberung von Kunden, die bereit sind, die vom Unternehmen angebotenen Dienstleistungen mit einem hohen Qualit\u00e4tsniveau zu nutzen<\/li><\/ul>\t\t\t\t\t\t\t\t<\/div>\n\t\t\t\t<\/div>\n\t\t\t\t<\/div>\n\t\t\t\t<\/div>\n\t\t\t\t<\/section>\n\t\t<section class=\"elementor-element elementor-element-6dd28c3 e-con-full e-flex e-con e-parent\" data-id=\"6dd28c3\" data-element_type=\"container\">\n\t\t<div class=\"elementor-element elementor-element-36c1a28 e-con-full e-flex e-con e-child\" data-id=\"36c1a28\" data-element_type=\"container\">\n\t\t<div class=\"elementor-element elementor-element-a6a369f e-con-full e-flex e-con e-child\" data-id=\"a6a369f\" data-element_type=\"container\">\n\t\t\t\t<div class=\"elementor-element elementor-element-54e66fc elementor-widget elementor-widget-heading\" data-id=\"54e66fc\" data-element_type=\"widget\" data-widget_type=\"heading.default\">\n\t\t\t\t<div class=\"elementor-widget-container\">\n\t\t\t\t\t<h2 class=\"elementor-heading-title elementor-size-default\"><b>Partnerschaft mit dem WWF<\/b><\/h2>\t\t\t\t<\/div>\n\t\t\t\t<\/div>\n\t\t\t\t<div class=\"elementor-element elementor-element-76ba631 elementor-widget__width-initial elementor-widget elementor-widget-text-editor\" data-id=\"76ba631\" data-element_type=\"widget\" data-widget_type=\"text-editor.default\">\n\t\t\t\t<div class=\"elementor-widget-container\">\n\t\t\t\t\t\t\t\t\t<p data-path-to-node=\"22\">Im <strong>Tryp Montijo<\/strong>\u00a0glauben wir, dass Gastfreundschaft Hand in Hand mit dem Schutz unseres Planeten gehen muss. Deshalb sind wir stolzer Partner des <strong>WWF Portugal<\/strong> im Rahmen der Initiative \u201e<strong>Check Out For Nature<\/strong>\u201c.<\/p><p data-path-to-node=\"23\">Beim <em>Check-out<\/em> laden wir unsere G\u00e4ste dazu ein, sich dieser Mission durch eine freiwillige Spende anzuschlie\u00dfen. Alle gesammelten Beitr\u00e4ge flie\u00dfen direkt in die Projekte des WWF Portugal, die sich dem Schutz der Artenvielfalt, der \u00d6kosysteme und der Bewahrung des Naturerbes widmen.<\/p><p data-path-to-node=\"24\"><em>Gemeinsam verwandeln wir jeden Aufenthalt in einen positiven Beitrag f\u00fcr die Natur.<\/em><\/p>\t\t\t\t\t\t\t\t<\/div>\n\t\t\t\t<\/div>\n\t\t\t\t<\/div>\n\t\t\t\t<\/div>\n\t\t<div class=\"elementor-element elementor-element-2e09308 e-con-full e-flex e-con e-child\" data-id=\"2e09308\" data-element_type=\"container\" data-settings=\"{&quot;background_background&quot;:&quot;classic&quot;}\">\n\t\t\t\t<div class=\"elementor-element elementor-element-0760416 elementor-widget elementor-widget-spacer\" data-id=\"0760416\" data-element_type=\"widget\" data-widget_type=\"spacer.default\">\n\t\t\t\t<div class=\"elementor-widget-container\">\n\t\t\t\t\t\t\t<div class=\"elementor-spacer\">\n\t\t\t<div class=\"elementor-spacer-inner\"><\/div>\n\t\t<\/div>\n\t\t\t\t\t\t<\/div>\n\t\t\t\t<\/div>\n\t\t\t\t<\/div>\n\t\t\t\t<\/section>\n\t\t<section class=\"elementor-element elementor-element-17866df e-con-full e-flex e-con e-parent\" data-id=\"17866df\" data-element_type=\"container\">\n\t\t\t\t<div class=\"elementor-element elementor-element-e2d027e elementor-widget elementor-widget-text-editor\" data-id=\"e2d027e\" data-element_type=\"widget\" data-widget_type=\"text-editor.default\">\n\t\t\t\t<div class=\"elementor-widget-container\">\n\t\t\t\t\t\t\t\t\t<p>Unter Ber\u00fccksichtigung dieser Grunds\u00e4tze sowie der Bereitstellung der notwendigen und angemessenen Ressourcen, einschlie\u00dflich der Verpflichtung zu spezialisiertem Personal, mit regelm\u00e4\u00dfiger Schulung und technologisch fortschrittlicher Ausstattung, ist das Tryp Montijo Parque stets bestrebt, die Bed\u00fcrfnisse und Erwartungen seiner Kunden voll und ganz zu erf\u00fcllen.<\/p>\t\t\t\t\t\t\t\t<\/div>\n\t\t\t\t<\/div>\n\t\t\t\t<\/section>\n\t\t\t\t<\/div>\n\t\t","protected":false},"excerpt":{"rendered":"<p>UMWELTPOLITIK Das Tryp Montijo Hotel ist sich der Bedeutung eines verantwortungsvollen und nachhaltigen Managements bei der Entwicklung der Hotelt\u00e4tigkeit bewusst. Im Rahmen dieser Leitlinien verpflichten wir uns, gute Praktiken zu entwickeln und anzuwenden, die darauf abzielen, die Auswirkungen unserer Dienstleistungen auf die Umwelt zu minimieren, die nat\u00fcrlichen Ressourcen zu erhalten, die Energieeffizienz zu verbessern und [&hellip;]<\/p>\n","protected":false},"author":1,"featured_media":0,"parent":0,"menu_order":0,"comment_status":"closed","ping_status":"closed","template":"","meta":{"_acf_changed":false,"footnotes":""},"class_list":["post-15560","page","type-page","status-publish","hentry"],"acf":[],"yoast_head":"<!-- This site is optimized with the Yoast SEO plugin v24.5 - https:\/\/yoast.com\/wordpress\/plugins\/seo\/ -->\n<title>Umweltpolitik - TRYP Montijo<\/title>\n<meta name=\"description\" content=\"Hotel Tryp Montijo Parque: 4 Sterne, 84 gem\u00fctliche Zimmer, Restaurant, Bar, Parkplatz und 4 Tagungsr\u00e4ume f\u00fcr 250 Personen im Herzen von Montijo.\" \/>\n<meta name=\"robots\" content=\"index, follow, max-snippet:-1, max-image-preview:large, max-video-preview:-1\" \/>\n<link rel=\"canonical\" href=\"https:\/\/www.trypmontijo.com\/de\/umweltpolitik\/\" \/>\n<meta property=\"og:locale\" content=\"de_DE\" \/>\n<meta property=\"og:type\" content=\"article\" \/>\n<meta property=\"og:title\" content=\"Umweltpolitik - TRYP Montijo\" \/>\n<meta property=\"og:description\" content=\"Hotel Tryp Montijo Parque: 4 Sterne, 84 gem\u00fctliche Zimmer, Restaurant, Bar, Parkplatz und 4 Tagungsr\u00e4ume f\u00fcr 250 Personen im Herzen von Montijo.\" \/>\n<meta property=\"og:url\" content=\"https:\/\/www.trypmontijo.com\/de\/umweltpolitik\/\" \/>\n<meta property=\"og:site_name\" content=\"TRYP Montijo\" \/>\n<meta property=\"article:publisher\" content=\"https:\/\/www.facebook.com\/TRYPMontijoParque\/\" \/>\n<meta property=\"article:modified_time\" content=\"2026-08-24T09:39:32+00:00\" \/>\n<meta property=\"og:image\" content=\"https:\/\/www.trypmontijo.com\/wp-content\/uploads\/sites\/2\/2024\/03\/TRYP_Montijo_Parque_Open-Graph.jpg\" \/>\n\t<meta property=\"og:image:width\" content=\"1200\" \/>\n\t<meta property=\"og:image:height\" content=\"630\" \/>\n\t<meta property=\"og:image:type\" content=\"image\/jpeg\" \/>\n<meta name=\"twitter:card\" content=\"summary_large_image\" \/>\n<meta name=\"twitter:label1\" content=\"Gesch\u00e4tzte Lesezeit\" \/>\n\t<meta name=\"twitter:data1\" content=\"2\u00a0Minuten\" \/>\n<script type=\"application\/ld+json\" class=\"yoast-schema-graph\">{\"@context\":\"https:\/\/schema.org\",\"@graph\":[{\"@type\":\"WebPage\",\"@id\":\"https:\/\/www.trypmontijo.com\/de\/umweltpolitik\/\",\"url\":\"https:\/\/www.trypmontijo.com\/de\/umweltpolitik\/\",\"name\":\"Umweltpolitik - TRYP Montijo\",\"isPartOf\":{\"@id\":\"https:\/\/www.trypmontijo.com\/de\/#website\"},\"datePublished\":\"2024-03-19T09:34:10+00:00\",\"dateModified\":\"2026-08-24T09:39:32+00:00\",\"description\":\"Hotel Tryp Montijo Parque: 4 Sterne, 84 gem\u00fctliche Zimmer, Restaurant, Bar, Parkplatz und 4 Tagungsr\u00e4ume f\u00fcr 250 Personen im Herzen von Montijo.\",\"breadcrumb\":{\"@id\":\"https:\/\/www.trypmontijo.com\/de\/umweltpolitik\/#breadcrumb\"},\"inLanguage\":\"de\",\"potentialAction\":[{\"@type\":\"ReadAction\",\"target\":[\"https:\/\/www.trypmontijo.com\/de\/umweltpolitik\/\"]}]},{\"@type\":\"BreadcrumbList\",\"@id\":\"https:\/\/www.trypmontijo.com\/de\/umweltpolitik\/#breadcrumb\",\"itemListElement\":[{\"@type\":\"ListItem\",\"position\":1,\"name\":\"In\u00edcio\",\"item\":\"https:\/\/www.trypmontijo.com\/de\/\"},{\"@type\":\"ListItem\",\"position\":2,\"name\":\"Umweltpolitik\"}]},{\"@type\":\"WebSite\",\"@id\":\"https:\/\/www.trypmontijo.com\/de\/#website\",\"url\":\"https:\/\/www.trypmontijo.com\/de\/\",\"name\":\"TRYP Montijo\",\"description\":\"O TRYP Montijo Parque, de 4 estrelas, localizado no cora\u00e7\u00e3o da encantadora cidade do Montijo\",\"publisher\":{\"@id\":\"https:\/\/www.trypmontijo.com\/de\/#organization\"},\"alternateName\":\"TRYP Montijo Parque\",\"potentialAction\":[{\"@type\":\"SearchAction\",\"target\":{\"@type\":\"EntryPoint\",\"urlTemplate\":\"https:\/\/www.trypmontijo.com\/de\/?s={search_term_string}\"},\"query-input\":{\"@type\":\"PropertyValueSpecification\",\"valueRequired\":true,\"valueName\":\"search_term_string\"}}],\"inLanguage\":\"de\"},{\"@type\":\"Organization\",\"@id\":\"https:\/\/www.trypmontijo.com\/de\/#organization\",\"name\":\"TRYP Montijo\",\"alternateName\":\"TRYP Montijo\",\"url\":\"https:\/\/www.trypmontijo.com\/de\/\",\"logo\":{\"@type\":\"ImageObject\",\"inLanguage\":\"de\",\"@id\":\"https:\/\/www.trypmontijo.com\/de\/#\/schema\/logo\/image\/\",\"url\":\"https:\/\/www.trypmontijo.com\/wp-content\/uploads\/sites\/2\/2024\/03\/TrypMontijoParqueHotel_Logo-1.svg\",\"contentUrl\":\"https:\/\/www.trypmontijo.com\/wp-content\/uploads\/sites\/2\/2024\/03\/TrypMontijoParqueHotel_Logo-1.svg\",\"width\":192,\"height\":90,\"caption\":\"TRYP Montijo\"},\"image\":{\"@id\":\"https:\/\/www.trypmontijo.com\/de\/#\/schema\/logo\/image\/\"},\"sameAs\":[\"https:\/\/www.facebook.com\/TRYPMontijoParque\/\",\"https:\/\/www.linkedin.com\/company\/hoti-hoteis\/\",\"https:\/\/www.tripadvisor.pt\/UserReviewEdit-g658385-d260184-TRYP_by_Wyndham_Montijo_Parque_Hotel-Montijo_Setubal_District_Alentejo.html\",\"https:\/\/www.instagram.com\/trypmontijo\/\",\"https:\/\/www.youtube.com\/channel\/UCP0ugsnZVvziVrrstHe2gqg\"]}]}<\/script>\n<!-- \/ Yoast SEO plugin. -->","yoast_head_json":{"title":"Umweltpolitik - TRYP Montijo","description":"Hotel Tryp Montijo Parque: 4 Sterne, 84 gem\u00fctliche Zimmer, Restaurant, Bar, Parkplatz und 4 Tagungsr\u00e4ume f\u00fcr 250 Personen im Herzen von Montijo.","robots":{"index":"index","follow":"follow","max-snippet":"max-snippet:-1","max-image-preview":"max-image-preview:large","max-video-preview":"max-video-preview:-1"},"canonical":"https:\/\/www.trypmontijo.com\/de\/umweltpolitik\/","og_locale":"de_DE","og_type":"article","og_title":"Umweltpolitik - TRYP Montijo","og_description":"Hotel Tryp Montijo Parque: 4 Sterne, 84 gem\u00fctliche Zimmer, Restaurant, Bar, Parkplatz und 4 Tagungsr\u00e4ume f\u00fcr 250 Personen im Herzen von Montijo.","og_url":"https:\/\/www.trypmontijo.com\/de\/umweltpolitik\/","og_site_name":"TRYP Montijo","article_publisher":"https:\/\/www.facebook.com\/TRYPMontijoParque\/","article_modified_time":"2026-08-24T09:39:32+00:00","og_image":[{"width":1200,"height":630,"url":"https:\/\/www.trypmontijo.com\/wp-content\/uploads\/sites\/2\/2024\/03\/TRYP_Montijo_Parque_Open-Graph.jpg","type":"image\/jpeg"}],"twitter_card":"summary_large_image","twitter_misc":{"Gesch\u00e4tzte Lesezeit":"2\u00a0Minuten"},"schema":{"@context":"https:\/\/schema.org","@graph":[{"@type":"WebPage","@id":"https:\/\/www.trypmontijo.com\/de\/umweltpolitik\/","url":"https:\/\/www.trypmontijo.com\/de\/umweltpolitik\/","name":"Umweltpolitik - TRYP Montijo","isPartOf":{"@id":"https:\/\/www.trypmontijo.com\/de\/#website"},"datePublished":"2024-03-19T09:34:10+00:00","dateModified":"2026-08-24T09:39:32+00:00","description":"Hotel Tryp Montijo Parque: 4 Sterne, 84 gem\u00fctliche Zimmer, Restaurant, Bar, Parkplatz und 4 Tagungsr\u00e4ume f\u00fcr 250 Personen im Herzen von Montijo.","breadcrumb":{"@id":"https:\/\/www.trypmontijo.com\/de\/umweltpolitik\/#breadcrumb"},"inLanguage":"de","potentialAction":[{"@type":"ReadAction","target":["https:\/\/www.trypmontijo.com\/de\/umweltpolitik\/"]}]},{"@type":"BreadcrumbList","@id":"https:\/\/www.trypmontijo.com\/de\/umweltpolitik\/#breadcrumb","itemListElement":[{"@type":"ListItem","position":1,"name":"In\u00edcio","item":"https:\/\/www.trypmontijo.com\/de\/"},{"@type":"ListItem","position":2,"name":"Umweltpolitik"}]},{"@type":"WebSite","@id":"https:\/\/www.trypmontijo.com\/de\/#website","url":"https:\/\/www.trypmontijo.com\/de\/","name":"TRYP Montijo","description":"O TRYP Montijo Parque, de 4 estrelas, localizado no cora\u00e7\u00e3o da encantadora cidade do Montijo","publisher":{"@id":"https:\/\/www.trypmontijo.com\/de\/#organization"},"alternateName":"TRYP Montijo Parque","potentialAction":[{"@type":"SearchAction","target":{"@type":"EntryPoint","urlTemplate":"https:\/\/www.trypmontijo.com\/de\/?s={search_term_string}"},"query-input":{"@type":"PropertyValueSpecification","valueRequired":true,"valueName":"search_term_string"}}],"inLanguage":"de"},{"@type":"Organization","@id":"https:\/\/www.trypmontijo.com\/de\/#organization","name":"TRYP Montijo","alternateName":"TRYP Montijo","url":"https:\/\/www.trypmontijo.com\/de\/","logo":{"@type":"ImageObject","inLanguage":"de","@id":"https:\/\/www.trypmontijo.com\/de\/#\/schema\/logo\/image\/","url":"https:\/\/www.trypmontijo.com\/wp-content\/uploads\/sites\/2\/2024\/03\/TrypMontijoParqueHotel_Logo-1.svg","contentUrl":"https:\/\/www.trypmontijo.com\/wp-content\/uploads\/sites\/2\/2024\/03\/TrypMontijoParqueHotel_Logo-1.svg","width":192,"height":90,"caption":"TRYP Montijo"},"image":{"@id":"https:\/\/www.trypmontijo.com\/de\/#\/schema\/logo\/image\/"},"sameAs":["https:\/\/www.facebook.com\/TRYPMontijoParque\/","https:\/\/www.linkedin.com\/company\/hoti-hoteis\/","https:\/\/www.tripadvisor.pt\/UserReviewEdit-g658385-d260184-TRYP_by_Wyndham_Montijo_Parque_Hotel-Montijo_Setubal_District_Alentejo.html","https:\/\/www.instagram.com\/trypmontijo\/","https:\/\/www.youtube.com\/channel\/UCP0ugsnZVvziVrrstHe2gqg"]}]}},"_links":{"self":[{"href":"https:\/\/www.trypmontijo.com\/de\/wp-json\/wp\/v2\/pages\/15560","targetHints":{"allow":["GET"]}}],"collection":[{"href":"https:\/\/www.trypmontijo.com\/de\/wp-json\/wp\/v2\/pages"}],"about":[{"href":"https:\/\/www.trypmontijo.com\/de\/wp-json\/wp\/v2\/types\/page"}],"author":[{"embeddable":true,"href":"https:\/\/www.trypmontijo.com\/de\/wp-json\/wp\/v2\/users\/1"}],"replies":[{"embeddable":true,"href":"https:\/\/www.trypmontijo.com\/de\/wp-json\/wp\/v2\/comments?post=15560"}],"version-history":[{"count":11,"href":"https:\/\/www.trypmontijo.com\/de\/wp-json\/wp\/v2\/pages\/15560\/revisions"}],"predecessor-version":[{"id":19319,"href":"https:\/\/www.trypmontijo.com\/de\/wp-json\/wp\/v2\/pages\/15560\/revisions\/19319"}],"wp:attachment":[{"href":"https:\/\/www.trypmontijo.com\/de\/wp-json\/wp\/v2\/media?parent=15560"}],"curies":[{"name":"wp","href":"https:\/\/api.w.org\/{rel}","templated":true}]}}